{"id":1223,"date":"2023-10-24T09:11:48","date_gmt":"2023-10-24T09:11:48","guid":{"rendered":"https:\/\/nieuw.biosfeer-groede.com\/ons-verhaal\/"},"modified":"2024-06-20T10:18:10","modified_gmt":"2024-06-20T10:18:10","slug":"notre-histoire","status":"publish","type":"page","link":"https:\/\/biosfeer-groede.com\/fr\/notre-histoire\/","title":{"rendered":"Notre histoire"},"content":{"rendered":"<h1>Notre histoire<\/h1>\n<h2>De la Terre \u00e0 la Croissance<\/h2>\n<div>\n<p><strong>Les D\u00e9buts de Biosph\u00e8re Groede<\/strong> <br \/>En mars 2010, Nick Sinke reprend la ferme de Marleen Kruiden \u00e0 Groede, en Z\u00e9lande occidentale, aux Pays-Bas. Cette ferme \u00e9tait \u00e0 l&rsquo;origine exploit\u00e9e par Marleen et Ronald van de Winckel, pionniers dans la culture et la transformation des herbes aux Pays-Bas depuis 1982. Leur passion et leur expertise les ont amen\u00e9s \u00e0 poursuivre leur activit\u00e9 \u00e0 partir de 2010 en Tasmanie, en Australie.<\/p>\n<p>Nick, qui a toujours r\u00eav\u00e9 de r\u00e9aliser ses objectifs de vie dans une ferme d&rsquo;herbes, a vu cette reprise comme une opportunit\u00e9 unique. Il a compris que les herbes et les plantes joueront un r\u00f4le central dans la vie occidentale \u00e0 l&rsquo;avenir, et a d\u00e9cid\u00e9 de faire de cette passion son m\u00e9tier. Ainsi a commenc\u00e9 l&rsquo;histoire de Biosph\u00e8re Groede, un lieu o\u00f9 l&rsquo;amour de la nature, la sant\u00e9 et l&rsquo;agriculture durable sont au c\u0153ur de tout.<\/p>\n<\/div>\n<p>\n    <a href=\"\/fr\/contact\">Contact<\/a>\n<\/p>\n<p><img decoding=\"async\" src=\"\/wp-content\/uploads\/2024\/05\/EVM-20230713-0011-L1140169-kopie%E2%95%A0eren-scaled.jpg\" alt=\"\"><\/p>\n<div>\n<p><strong>La Croissance et le D\u00e9veloppement de la Ferme<br \/><\/strong>Imm\u00e9diatement apr\u00e8s la reprise, Nick a entrepris de moderniser, de professionnaliser, de certifier et d&rsquo;agrandir la ferme. Il a introduit de nouvelles m\u00e9thodes de culture et de transformation \u00e0 la fois durables et innovantes. En utilisant des techniques biologiques et des principes de permaculture, il a r\u00e9ussi \u00e0 cr\u00e9er un \u00e9cosyst\u00e8me o\u00f9 les herbes pouvaient pousser de mani\u00e8re optimale sans perturber l&rsquo;\u00e9quilibre naturel.<\/p>\n<p>En 2012, Nick a \u00e9t\u00e9 rejoint par sa partenaire, Esther Sinke, qui a ensuite jou\u00e9 un r\u00f4le crucial dans le d\u00e9veloppement ult\u00e9rieur de la ferme. Le talent organisationnel et les id\u00e9es fra\u00eeches d&rsquo;Esther ont apport\u00e9 une nouvelle dynamique \u00e0 la ferme. Son engagement a permis de trouver de nouveaux clients, de lancer de grands projets et d&rsquo;am\u00e9liorer l&rsquo;efficacit\u00e9 des processus existants. Ensemble, avec leurs employ\u00e9s, ils forment une \u00e9quipe puissante, anim\u00e9e par la m\u00eame vision et la m\u00eame passion pour l&rsquo;agriculture \u00e9cologique, la m\u00e9decine naturelle et la vie autosuffisante.<\/p>\n<\/div>\n<p>\n    <a href=\"\/producten\/\">Nos produits<\/a>\n<\/p>\n<ul>\n<li>\n<p>        <img decoding=\"async\" src=\"\/wp-content\/uploads\/2024\/05\/EVM-20230713-0005-L1001863-kopie%E2%95%A0eren-1-scaled.jpg\" alt=\"\"><\/p>\n<\/li>\n<li>\n<p>        <img decoding=\"async\" src=\"\/wp-content\/uploads\/2024\/05\/EVM-20230713-0103-L1002072-kopie%E2%95%A0eren-scaled.jpg\" alt=\"\"><\/p>\n<\/li>\n<\/ul>\n<div>\n<p><strong>Une Communaut\u00e9 de Personnes Partageant les M\u00eames Id\u00e9es<\/strong> <br \/>Biosph\u00e8re Groede est devenue non seulement une ferme prosp\u00e8re, mais aussi un lieu de rencontre et un atelier pour des clients professionnels partageant les m\u00eames id\u00e9es de toute l&rsquo;Europe dans le domaine de l&rsquo;application efficace des herbes. La ferme est devenue un centre commercial dynamique en partageant des connaissances et des inspirations avec des clients partageant les m\u00eames id\u00e9es. Les visiteurs de Biosph\u00e8re ressentent imm\u00e9diatement l&rsquo;impact unique de cette ferme. Entre-temps, Biosph\u00e8re Groede fournit ses produits \u00e0 220 clients, grands et petits, \u00e0 travers toute l&rsquo;Europe !<\/p>\n<p><strong>Vision d&rsquo;Avenir : Un Impact Durable<\/strong> <br \/>Avec un regard tourn\u00e9 vers l&rsquo;avenir, Nick et Esther continuent de s&rsquo;engager pour le d\u00e9veloppement continu de Biosph\u00e8re Groede. Leur objectif est de faire de la ferme une source de sant\u00e9 naturelle, mais aussi un mod\u00e8le de pratiques agricoles durables et un nouveau mode de vie inspir\u00e9 dans le monde occidental. Ils travaillent toujours sur de nouveaux projets pour accro\u00eetre encore davantage l&rsquo;impact de la ferme.<\/p>\n<\/div>\n<p>\n    <a href=\"\/fr\/contact\">Contact<\/a>\n<\/p>\n<p><img decoding=\"async\" src=\"\/wp-content\/uploads\/2024\/05\/EVM-20230713-0004-DJI_0214-kopie%E2%95%A0eren-scaled.jpg\" alt=\"\"><\/p>\n<p><!--more--><br \/>\n<!-- {\"type\":\"layout\",\"children\":[{\"name\":\"Tincturen\",\"type\":\"section\",\"props\":{\"animation\":\"slide-left-medium\",\"animation_delay\":false,\"css\":\".el-section{\\n    background: rgb(236,236,236);\\nbackground: -moz-linear-gradient(180deg, rgba(236,236,236,1) 0%, rgba(255,255,255,1) 58%);\\nbackground: -webkit-linear-gradient(180deg, rgba(236,236,236,1) 0%, rgba(255,255,255,1) 58%);\\nbackground: linear-gradient(180deg, rgba(236,236,236,1) 0%, rgba(255,255,255,1) 58%);\\nfilter: progid:DXImageTransform.Microsoft.gradient(startColorstr=\\\"#ececec\\\",endColorstr=\\\"#ffffff\\\",GradientType=1);\\n}\",\"image_position\":\"center-center\",\"padding_remove_bottom\":true,\"padding_remove_top\":false,\"style\":\"default\",\"title_breakpoint\":\"xl\",\"title_position\":\"top-left\",\"title_rotation\":\"left\",\"vertical_align\":\"\",\"width\":\"large\"},\"children\":[{\"type\":\"row\",\"props\":{\"margin_remove_bottom\":true},\"children\":[{\"type\":\"column\",\"props\":{\"image_position\":\"center-center\",\"position_sticky_breakpoint\":\"m\"},\"children\":[{\"type\":\"headline\",\"props\":{\"content\":\"Notre histoire\",\"margin_remove_bottom\":true,\"title_color\":\"primary\",\"title_element\":\"h1\"}}]}]},{\"type\":\"row\",\"props\":{\"column_gap\":\"large\",\"divider\":false,\"layout\":\"1-2,1-2\",\"margin\":\"large\",\"margin_remove_bottom\":false,\"margin_remove_top\":true,\"row_gap\":\"large\",\"vertical_align\":true},\"children\":[{\"type\":\"column\",\"props\":{\"image_position\":\"center-center\",\"position_sticky_breakpoint\":\"m\",\"width_medium\":\"1-2\"},\"children\":[{\"type\":\"headline\",\"props\":{\"content\":\"De la Terre \\u00e0 la Croissance\",\"margin_remove_top\":true,\"title_element\":\"h2\"}},{\"type\":\"text\",\"props\":{\"column_breakpoint\":\"l\",\"content\":\"\n\n<p><strong>Les D\\u00e9buts de Biosph\\u00e8re Groede<\\\/strong> <br \\\/>En mars 2010, Nick Sinke reprend la ferme de Marleen Kruiden \\u00e0 Groede, en Z\\u00e9lande occidentale, aux Pays-Bas. Cette ferme \\u00e9tait \\u00e0 l'origine exploit\\u00e9e par Marleen et Ronald van de Winckel, pionniers dans la culture et la transformation des herbes aux Pays-Bas depuis 1982. Leur passion et leur expertise les ont amen\\u00e9s \\u00e0 poursuivre leur activit\\u00e9 \\u00e0 partir de 2010 en Tasmanie, en Australie.<\\\/p>\\n\n\n<p>Nick, qui a toujours r\\u00eav\\u00e9 de r\\u00e9aliser ses objectifs de vie dans une ferme d'herbes, a vu cette reprise comme une opportunit\\u00e9 unique. Il a compris que les herbes et les plantes joueront un r\\u00f4le central dans la vie occidentale \\u00e0 l'avenir, et a d\\u00e9cid\\u00e9 de faire de cette passion son m\\u00e9tier. Ainsi a commenc\\u00e9 l'histoire de Biosph\\u00e8re Groede, un lieu o\\u00f9 l'amour de la nature, la sant\\u00e9 et l'agriculture durable sont au c\\u0153ur de tout.<\\\/p>\",\"margin\":\"default\"}},{\"type\":\"button\",\"props\":{\"grid_column_gap\":\"small\",\"grid_row_gap\":\"small\",\"margin\":\"default\"},\"children\":[{\"type\":\"button_item\",\"props\":{\"button_style\":\"secondary\",\"content\":\"Contact\",\"icon_align\":\"left\",\"link\":\"\\\/fr\\\/contact\"}}]}]},{\"type\":\"column\",\"props\":{\"image_position\":\"center-center\",\"position_sticky_breakpoint\":\"m\",\"width_medium\":\"1-2\"},\"children\":[{\"type\":\"image\",\"props\":{\"image\":\"wp-content\\\/uploads\\\/2024\\\/05\\\/EVM-20230713-0011-L1140169-kopie\\u2560eren-scaled.jpg\",\"image_height\":800,\"image_svg_color\":\"emphasis\",\"image_width\":\"1200\",\"margin\":\"default\"}}]}]}]},{\"name\":\"Simplex\\\/complex\",\"type\":\"section\",\"props\":{\"animation\":\"slide-right-medium\",\"css\":\".el-section > * {\\n \\tpadding-bottom: 110px;   \\n}\",\"image\":\"wp-content\\\/uploads\\\/home-residences-bg.svg\",\"image_effect\":\"parallax\",\"image_height\":\"680\",\"image_parallax_bgy\":\"100,100\",\"image_parallax_easing\":\"1\",\"image_position\":\"top-left\",\"image_size\":\"contain\",\"image_width\":\"2000\",\"media_visibility\":\"m\",\"padding\":\"xlarge\",\"padding_remove_bottom\":false,\"style\":\"default\",\"title_breakpoint\":\"xl\",\"title_position\":\"top-left\",\"title_rotation\":\"left\",\"vertical_align\":\"\",\"width\":\"large\"},\"children\":[{\"type\":\"row\",\"props\":{\"column_gap\":\"large\",\"layout\":\"1-3,2-3\",\"margin\":\"xlarge\",\"row_gap\":\"large\"},\"children\":[{\"type\":\"column\",\"props\":{\"image_position\":\"top-left\",\"media_visibility\":\"s\",\"padding\":\"none\",\"position_sticky_breakpoint\":\"m\",\"width_medium\":\"1-3\"},\"children\":[{\"type\":\"text\",\"props\":{\"column_breakpoint\":\"m\",\"content\":\"\n\n<p><strong>La Croissance et le D\\u00e9veloppement de la Ferme<br \\\/><\\\/strong>Imm\\u00e9diatement apr\\u00e8s la reprise, Nick a entrepris de moderniser, de professionnaliser, de certifier et d'agrandir la ferme. Il a introduit de nouvelles m\\u00e9thodes de culture et de transformation \\u00e0 la fois durables et innovantes. En utilisant des techniques biologiques et des principes de permaculture, il a r\\u00e9ussi \\u00e0 cr\\u00e9er un \\u00e9cosyst\\u00e8me o\\u00f9 les herbes pouvaient pousser de mani\\u00e8re optimale sans perturber l'\\u00e9quilibre naturel.<\\\/p>\\n\n\n<p>En 2012, Nick a \\u00e9t\\u00e9 rejoint par sa partenaire, Esther Sinke, qui a ensuite jou\\u00e9 un r\\u00f4le crucial dans le d\\u00e9veloppement ult\\u00e9rieur de la ferme. Le talent organisationnel et les id\\u00e9es fra\\u00eeches d'Esther ont apport\\u00e9 une nouvelle dynamique \\u00e0 la ferme. Son engagement a permis de trouver de nouveaux clients, de lancer de grands projets et d'am\\u00e9liorer l'efficacit\\u00e9 des processus existants. Ensemble, avec leurs employ\\u00e9s, ils forment une \\u00e9quipe puissante, anim\\u00e9e par la m\\u00eame vision et la m\\u00eame passion pour l'agriculture \\u00e9cologique, la m\\u00e9decine naturelle et la vie autosuffisante.<\\\/p>\",\"margin\":\"default\"}},{\"type\":\"button\",\"props\":{\"fullwidth\":false,\"grid_column_gap\":\"small\",\"grid_row_gap\":\"small\",\"margin\":\"default\"},\"children\":[{\"type\":\"button_item\",\"props\":{\"button_style\":\"secondary\",\"content\":\"Nos produits\",\"icon_align\":\"left\",\"link\":\"producten\\\/\"}}]}]},{\"type\":\"column\",\"props\":{\"image_position\":\"center-center\",\"order_first\":\"m\",\"position_sticky_breakpoint\":\"m\",\"width_medium\":\"2-3\"},\"children\":[{\"type\":\"overlay-slider\",\"props\":{\"image_height\":\"850\",\"image_width\":\"640\",\"link_style\":\"default\",\"link_text\":\"\",\"margin\":\"default\",\"meta_align\":\"below-title\",\"meta_element\":\"div\",\"meta_style\":\"text-meta\",\"nav\":\"\",\"nav_align\":\"center\",\"nav_breakpoint\":\"s\",\"overlay_hover\":false,\"overlay_link\":true,\"overlay_mode\":\"cover\",\"overlay_padding\":\"small\",\"overlay_position\":\"bottom-left\",\"overlay_transition\":\"slide-bottom-small\",\"show_content\":true,\"show_hover_image\":true,\"show_hover_video\":true,\"show_link\":true,\"show_meta\":true,\"show_title\":true,\"slidenav\":\"top-right\",\"slidenav_breakpoint\":\"s\",\"slidenav_hover\":false,\"slidenav_large\":false,\"slidenav_margin\":\"medium\",\"slidenav_outside_breakpoint\":\"xl\",\"slider_autoplay\":true,\"slider_autoplay_pause\":true,\"slider_gap\":\"default\",\"slider_width\":\"fixed\",\"slider_width_default\":\"1-1\",\"slider_width_medium\":\"\",\"slider_width_small\":\"1-2\",\"text_align\":\"\",\"text_color\":\"light\",\"title_element\":\"div\",\"title_hover_style\":\"reset\",\"title_style\":\"h5\"},\"children\":[{\"type\":\"overlay-slider_item\",\"props\":{\"image\":\"wp-content\\\/uploads\\\/2024\\\/05\\\/EVM-20230713-0005-L1001863-kopie\\u2560eren-1-scaled.jpg\",\"title\":\"\"}},{\"type\":\"overlay-slider_item\",\"props\":{\"image\":\"wp-content\\\/uploads\\\/2024\\\/05\\\/EVM-20230713-0103-L1002072-kopie\\u2560eren-scaled.jpg\",\"title\":\"\"}}]}]}]}]},{\"type\":\"section\",\"props\":{\"animation\":\"slide-left-medium\",\"image_position\":\"center-center\",\"style\":\"muted\",\"title_breakpoint\":\"xl\",\"title_position\":\"top-left\",\"title_rotation\":\"left\",\"vertical_align\":\"\",\"width\":\"large\"},\"children\":[{\"type\":\"row\",\"children\":[{\"type\":\"column\",\"props\":{\"image_position\":\"center-center\",\"position_sticky_breakpoint\":\"m\",\"vertical_align\":\"middle\",\"width_medium\":\"2-3\"},\"children\":[{\"type\":\"text\",\"props\":{\"column_breakpoint\":\"m\",\"content\":\"\n\n<p><strong>Une Communaut\\u00e9 de Personnes Partageant les M\\u00eames Id\\u00e9es<\\\/strong> <br \\\/>Biosph\\u00e8re Groede est devenue non seulement une ferme prosp\\u00e8re, mais aussi un lieu de rencontre et un atelier pour des clients professionnels partageant les m\\u00eames id\\u00e9es de toute l'Europe dans le domaine de l'application efficace des herbes. La ferme est devenue un centre commercial dynamique en partageant des connaissances et des inspirations avec des clients partageant les m\\u00eames id\\u00e9es. Les visiteurs de Biosph\\u00e8re ressentent imm\\u00e9diatement l'impact unique de cette ferme. Entre-temps, Biosph\\u00e8re Groede fournit ses produits \\u00e0 220 clients, grands et petits, \\u00e0 travers toute l'Europe !<\\\/p>\\n\n\n<p><strong>Vision d'Avenir : Un Impact Durable<\\\/strong> <br \\\/>Avec un regard tourn\\u00e9 vers l'avenir, Nick et Esther continuent de s'engager pour le d\\u00e9veloppement continu de Biosph\\u00e8re Groede. Leur objectif est de faire de la ferme une source de sant\\u00e9 naturelle, mais aussi un mod\\u00e8le de pratiques agricoles durables et un nouveau mode de vie inspir\\u00e9 dans le monde occidental. Ils travaillent toujours sur de nouveaux projets pour accro\\u00eetre encore davantage l'impact de la ferme.<\\\/p>\",\"margin\":\"default\"}},{\"type\":\"button\",\"props\":{\"grid_column_gap\":\"small\",\"grid_row_gap\":\"small\",\"margin\":\"default\"},\"children\":[{\"type\":\"button_item\",\"props\":{\"button_style\":\"secondary\",\"content\":\"Contact\",\"icon_align\":\"left\",\"link\":\"\\\/fr\\\/contact\"}}]}]},{\"type\":\"column\",\"props\":{\"image_position\":\"center-center\",\"position_sticky_breakpoint\":\"m\",\"width_medium\":\"1-3\"},\"children\":[{\"type\":\"image\",\"props\":{\"image\":\"wp-content\\\/uploads\\\/2024\\\/05\\\/EVM-20230713-0004-DJI_0214-kopie\\u2560eren-scaled.jpg\",\"image_height\":\"720\",\"image_svg_color\":\"emphasis\",\"image_width\":\"800\",\"margin\":\"default\"}}]}],\"props\":{\"layout\":\"2-3,1-3\"}}],\"name\":\"Tijdelijk 3\"}],\"version\":\"4.4.4\"} --><\/p>\n","protected":false},"excerpt":{"rendered":"<p>Notre histoire De la Terre \u00e0 la Croissance Les D\u00e9buts de Biosph\u00e8re Groede En mars 2010, Nick Sinke reprend la ferme de Marleen Kruiden \u00e0 Groede, en Z\u00e9lande occidentale, aux Pays-Bas. Cette ferme \u00e9tait \u00e0 l&rsquo;origine exploit\u00e9e par Marleen et Ronald van de Winckel, pionniers dans la culture et la transformation des herbes aux Pays-Bas [&hellip;]<\/p>\n","protected":false},"author":1,"featured_media":0,"parent":0,"menu_order":0,"comment_status":"closed","ping_status":"closed","template":"","meta":{"footnotes":""},"class_list":["post-1223","page","type-page","status-publish","hentry"],"yoast_head":"<!-- This site is optimized with the Yoast SEO plugin v27.5 - https:\/\/yoast.com\/product\/yoast-seo-wordpress\/ -->\n<title>Notre histoire - Biosfeer Groede<\/title>\n<meta name=\"robots\" content=\"index, follow, max-snippet:-1, max-image-preview:large, max-video-preview:-1\" \/>\n<link rel=\"canonical\" href=\"https:\/\/biosfeer-groede.com\/fr\/notre-histoire\/\" \/>\n<meta property=\"og:locale\" content=\"fr_FR\" \/>\n<meta property=\"og:type\" content=\"article\" \/>\n<meta property=\"og:title\" content=\"Notre histoire - Biosfeer Groede\" \/>\n<meta property=\"og:description\" content=\"Notre histoire De la Terre \u00e0 la Croissance Les D\u00e9buts de Biosph\u00e8re Groede En mars 2010, Nick Sinke reprend la ferme de Marleen Kruiden \u00e0 Groede, en Z\u00e9lande occidentale, aux Pays-Bas. Cette ferme \u00e9tait \u00e0 l&rsquo;origine exploit\u00e9e par Marleen et Ronald van de Winckel, pionniers dans la culture et la transformation des herbes aux Pays-Bas [&hellip;]\" \/>\n<meta property=\"og:url\" content=\"https:\/\/biosfeer-groede.com\/fr\/notre-histoire\/\" \/>\n<meta property=\"og:site_name\" content=\"Biosfeer Groede\" \/>\n<meta property=\"article:modified_time\" content=\"2024-06-20T10:18:10+00:00\" \/>\n<meta name=\"twitter:card\" content=\"summary_large_image\" \/>\n<meta name=\"twitter:label1\" content=\"Dur\u00e9e de lecture estim\u00e9e\" \/>\n\t<meta name=\"twitter:data1\" content=\"3 minutes\" \/>\n<script type=\"application\/ld+json\" class=\"yoast-schema-graph\">{\"@context\":\"https:\\\/\\\/schema.org\",\"@graph\":[{\"@type\":\"WebPage\",\"@id\":\"https:\\\/\\\/biosfeer-groede.com\\\/fr\\\/notre-histoire\\\/\",\"url\":\"https:\\\/\\\/biosfeer-groede.com\\\/fr\\\/notre-histoire\\\/\",\"name\":\"Notre histoire - Biosfeer Groede\",\"isPartOf\":{\"@id\":\"https:\\\/\\\/biosfeer-groede.com\\\/#website\"},\"datePublished\":\"2023-10-24T09:11:48+00:00\",\"dateModified\":\"2024-06-20T10:18:10+00:00\",\"breadcrumb\":{\"@id\":\"https:\\\/\\\/biosfeer-groede.com\\\/fr\\\/notre-histoire\\\/#breadcrumb\"},\"inLanguage\":\"fr-FR\",\"potentialAction\":[{\"@type\":\"ReadAction\",\"target\":[\"https:\\\/\\\/biosfeer-groede.com\\\/fr\\\/notre-histoire\\\/\"]}]},{\"@type\":\"BreadcrumbList\",\"@id\":\"https:\\\/\\\/biosfeer-groede.com\\\/fr\\\/notre-histoire\\\/#breadcrumb\",\"itemListElement\":[{\"@type\":\"ListItem\",\"position\":1,\"name\":\"Home\",\"item\":\"https:\\\/\\\/biosfeer-groede.com\\\/fr\\\/\"},{\"@type\":\"ListItem\",\"position\":2,\"name\":\"Notre histoire\"}]},{\"@type\":\"WebSite\",\"@id\":\"https:\\\/\\\/biosfeer-groede.com\\\/#website\",\"url\":\"https:\\\/\\\/biosfeer-groede.com\\\/\",\"name\":\"Biosfeer Groede\",\"description\":\"\",\"publisher\":{\"@id\":\"https:\\\/\\\/biosfeer-groede.com\\\/#organization\"},\"potentialAction\":[{\"@type\":\"SearchAction\",\"target\":{\"@type\":\"EntryPoint\",\"urlTemplate\":\"https:\\\/\\\/biosfeer-groede.com\\\/?s={search_term_string}\"},\"query-input\":{\"@type\":\"PropertyValueSpecification\",\"valueRequired\":true,\"valueName\":\"search_term_string\"}}],\"inLanguage\":\"fr-FR\"},{\"@type\":\"Organization\",\"@id\":\"https:\\\/\\\/biosfeer-groede.com\\\/#organization\",\"name\":\"Biosfeer Groede\",\"url\":\"https:\\\/\\\/biosfeer-groede.com\\\/\",\"logo\":{\"@type\":\"ImageObject\",\"inLanguage\":\"fr-FR\",\"@id\":\"https:\\\/\\\/biosfeer-groede.com\\\/#\\\/schema\\\/logo\\\/image\\\/\",\"url\":\"https:\\\/\\\/nieuw.biosfeer-groede.com\\\/wp-content\\\/uploads\\\/2023\\\/10\\\/biosfeer-logo.svg\",\"contentUrl\":\"https:\\\/\\\/nieuw.biosfeer-groede.com\\\/wp-content\\\/uploads\\\/2023\\\/10\\\/biosfeer-logo.svg\",\"width\":1,\"height\":1,\"caption\":\"Biosfeer Groede\"},\"image\":{\"@id\":\"https:\\\/\\\/biosfeer-groede.com\\\/#\\\/schema\\\/logo\\\/image\\\/\"}}]}<\/script>\n<!-- \/ Yoast SEO plugin. -->","yoast_head_json":{"title":"Notre histoire - Biosfeer Groede","robots":{"index":"index","follow":"follow","max-snippet":"max-snippet:-1","max-image-preview":"max-image-preview:large","max-video-preview":"max-video-preview:-1"},"canonical":"https:\/\/biosfeer-groede.com\/fr\/notre-histoire\/","og_locale":"fr_FR","og_type":"article","og_title":"Notre histoire - Biosfeer Groede","og_description":"Notre histoire De la Terre \u00e0 la Croissance Les D\u00e9buts de Biosph\u00e8re Groede En mars 2010, Nick Sinke reprend la ferme de Marleen Kruiden \u00e0 Groede, en Z\u00e9lande occidentale, aux Pays-Bas. Cette ferme \u00e9tait \u00e0 l&rsquo;origine exploit\u00e9e par Marleen et Ronald van de Winckel, pionniers dans la culture et la transformation des herbes aux Pays-Bas [&hellip;]","og_url":"https:\/\/biosfeer-groede.com\/fr\/notre-histoire\/","og_site_name":"Biosfeer Groede","article_modified_time":"2024-06-20T10:18:10+00:00","twitter_card":"summary_large_image","twitter_misc":{"Dur\u00e9e de lecture estim\u00e9e":"3 minutes"},"schema":{"@context":"https:\/\/schema.org","@graph":[{"@type":"WebPage","@id":"https:\/\/biosfeer-groede.com\/fr\/notre-histoire\/","url":"https:\/\/biosfeer-groede.com\/fr\/notre-histoire\/","name":"Notre histoire - Biosfeer Groede","isPartOf":{"@id":"https:\/\/biosfeer-groede.com\/#website"},"datePublished":"2023-10-24T09:11:48+00:00","dateModified":"2024-06-20T10:18:10+00:00","breadcrumb":{"@id":"https:\/\/biosfeer-groede.com\/fr\/notre-histoire\/#breadcrumb"},"inLanguage":"fr-FR","potentialAction":[{"@type":"ReadAction","target":["https:\/\/biosfeer-groede.com\/fr\/notre-histoire\/"]}]},{"@type":"BreadcrumbList","@id":"https:\/\/biosfeer-groede.com\/fr\/notre-histoire\/#breadcrumb","itemListElement":[{"@type":"ListItem","position":1,"name":"Home","item":"https:\/\/biosfeer-groede.com\/fr\/"},{"@type":"ListItem","position":2,"name":"Notre histoire"}]},{"@type":"WebSite","@id":"https:\/\/biosfeer-groede.com\/#website","url":"https:\/\/biosfeer-groede.com\/","name":"Biosfeer Groede","description":"","publisher":{"@id":"https:\/\/biosfeer-groede.com\/#organization"},"potentialAction":[{"@type":"SearchAction","target":{"@type":"EntryPoint","urlTemplate":"https:\/\/biosfeer-groede.com\/?s={search_term_string}"},"query-input":{"@type":"PropertyValueSpecification","valueRequired":true,"valueName":"search_term_string"}}],"inLanguage":"fr-FR"},{"@type":"Organization","@id":"https:\/\/biosfeer-groede.com\/#organization","name":"Biosfeer Groede","url":"https:\/\/biosfeer-groede.com\/","logo":{"@type":"ImageObject","inLanguage":"fr-FR","@id":"https:\/\/biosfeer-groede.com\/#\/schema\/logo\/image\/","url":"https:\/\/nieuw.biosfeer-groede.com\/wp-content\/uploads\/2023\/10\/biosfeer-logo.svg","contentUrl":"https:\/\/nieuw.biosfeer-groede.com\/wp-content\/uploads\/2023\/10\/biosfeer-logo.svg","width":1,"height":1,"caption":"Biosfeer Groede"},"image":{"@id":"https:\/\/biosfeer-groede.com\/#\/schema\/logo\/image\/"}}]}},"_links":{"self":[{"href":"https:\/\/biosfeer-groede.com\/fr\/wp-json\/wp\/v2\/pages\/1223","targetHints":{"allow":["GET"]}}],"collection":[{"href":"https:\/\/biosfeer-groede.com\/fr\/wp-json\/wp\/v2\/pages"}],"about":[{"href":"https:\/\/biosfeer-groede.com\/fr\/wp-json\/wp\/v2\/types\/page"}],"author":[{"embeddable":true,"href":"https:\/\/biosfeer-groede.com\/fr\/wp-json\/wp\/v2\/users\/1"}],"replies":[{"embeddable":true,"href":"https:\/\/biosfeer-groede.com\/fr\/wp-json\/wp\/v2\/comments?post=1223"}],"version-history":[{"count":4,"href":"https:\/\/biosfeer-groede.com\/fr\/wp-json\/wp\/v2\/pages\/1223\/revisions"}],"predecessor-version":[{"id":1439,"href":"https:\/\/biosfeer-groede.com\/fr\/wp-json\/wp\/v2\/pages\/1223\/revisions\/1439"}],"wp:attachment":[{"href":"https:\/\/biosfeer-groede.com\/fr\/wp-json\/wp\/v2\/media?parent=1223"}],"curies":[{"name":"wp","href":"https:\/\/api.w.org\/{rel}","templated":true}]}}