{"id":1216,"date":"2024-01-18T14:00:39","date_gmt":"2024-01-18T14:00:39","guid":{"rendered":"https:\/\/nieuw.biosfeer-groede.com\/ons-team\/"},"modified":"2024-06-20T10:19:18","modified_gmt":"2024-06-20T10:19:18","slug":"qualite-et-equipe","status":"publish","type":"page","link":"https:\/\/biosfeer-groede.com\/fr\/qualite-et-equipe\/","title":{"rendered":"Qualit\u00e9 et \u00e9quipe"},"content":{"rendered":"<h1>Qualit\u00e9 et \u00e9quipe<\/h1>\n<h2>Experts en d\u00e9veloppement de produits naturels<\/h2>\n<div>\n<p>Notre \u00e9quipe est compos\u00e9e de personnes orient\u00e9es vers la pratique, de vrais herboristes et de techniciens qui ont tous suivi une formation interne et externe d\u2019au moins 2 ans pour pouvoir r\u00e9aliser de mani\u00e8re autonome des pr\u00e9parations \u00e0 base de plantes. Bien s\u00fbr, nous travaillons selon le principe des 4 yeux dans tout. De plus, toute l\u2019organisation travaille selon le principe du \u00ab\u00a0z\u00e9ro d\u00e9faut\u00a0\u00bb.<\/p>\n<\/div>\n<ul>\n<li>\n<div>Pilier 1 \u2013 La d\u00e9finition de qualit\u00e9 est conforme aux exigences<\/div>\n<\/li>\n<li>\n<div>Pilier 2 \u2013 Un syst\u00e8me de management de la qualit\u00e9 bas\u00e9 sur la pr\u00e9vention<\/div>\n<\/li>\n<li>\n<div>Pilier 3 \u2013 Le standard de qualit\u00e9 est z\u00e9ro erreur<\/div>\n<\/li>\n<li>\n<div>Pilier 4 \u2013 Un syst\u00e8me de mesure selon le calcul de l\u2019\u00e9cart de co\u00fbt<\/div>\n<\/li>\n<\/ul>\n<p>\n    <a href=\"\/fr\/contact\">Contact<\/a>\n<\/p>\n<p><img decoding=\"async\" src=\"\/wp-content\/uploads\/2024\/05\/EVM-20230713-0009-L1001869-kopie%E2%95%A0eren-scaled.jpg\" alt=\"\"><\/p>\n<div>\n<p>De plus, chaque membre de l\u2019\u00e9quipe doit \u00eatre conscient des exigences de tous nos clients (selon \u00ab\u00a0kaizen\u00a0\u00bb). Il en r\u00e9sulte un groupe de personnes qui peuvent fonctionner comme une unit\u00e9 avec une r\u00e9flexion personnelle.<\/p>\n<p>La soci\u00e9t\u00e9 est dirig\u00e9e par\u00a0:<\/p>\n<\/div>\n<ul>\n<li>\n<div>\n<p><strong>NICK SINKE<\/strong>, <span>directeur g\u00e9n\u00e9ral et fondateur<\/span><\/p>\n<\/div>\n<\/li>\n<li>\n<div>\n<p><strong>ESTHER SINKE<\/strong><span>, herboriste senior, responsable op\u00e9rationnel, QA<\/span><\/p>\n<\/div>\n<\/li>\n<li>\n<div>\n<p><strong>HUGO VERBRUGGE<\/strong><span>, agriculteur et responsable des cultures<\/span><\/p>\n<\/div>\n<\/li>\n<li>\n<div>\n<p><strong>BOB DOOMS<\/strong><span>, herboriste et responsable de la pr\u00e9paration des herbes<\/span><\/p>\n<\/div>\n<\/li>\n<\/ul>\n<div>\n<p>L\u2019\u00e9quipe est soutenue EN EXTERNE par des managers de qualit\u00e9 senior du bureau\u00a0<a href=\"https:\/\/www.ktba.com\/nl\/\">KTBA<\/a>\u00a0et ANITA <a href=\"https:\/\/www.agroadviesalmekinders.nl\/administratie\">ALMEKINDERS<\/a>, administration.<\/p>\n<\/div>\n<p>\n    <a href=\"\/producten\/\">Nos produits<\/a>\n<\/p>\n<ul>\n<li>\n<p>        <img decoding=\"async\" src=\"\/wp-content\/uploads\/2024\/05\/EVM-20230713-0066-L1140283-kopie%E2%95%A0eren-scaled.jpg\" alt=\"\"><\/p>\n<\/li>\n<li>\n<p>        <img decoding=\"async\" src=\"\/wp-content\/uploads\/2024\/05\/EVM-20230713-0178-L1140534-kopie%E2%95%A0eren-scaled.jpg\" alt=\"\"><\/p>\n<\/li>\n<\/ul>\n<p><!--more--><br \/>\n<!-- {\"type\":\"layout\",\"children\":[{\"name\":\"Tincturen\",\"type\":\"section\",\"props\":{\"animation\":\"slide-left-medium\",\"animation_delay\":false,\"css\":\".el-section{\\n    background: rgb(236,236,236);\\nbackground: -moz-linear-gradient(180deg, rgba(236,236,236,1) 0%, rgba(255,255,255,1) 58%);\\nbackground: -webkit-linear-gradient(180deg, rgba(236,236,236,1) 0%, rgba(255,255,255,1) 58%);\\nbackground: linear-gradient(180deg, rgba(236,236,236,1) 0%, rgba(255,255,255,1) 58%);\\nfilter: progid:DXImageTransform.Microsoft.gradient(startColorstr=\\\"#ececec\\\",endColorstr=\\\"#ffffff\\\",GradientType=1);\\n}\",\"image_position\":\"center-center\",\"padding_remove_bottom\":true,\"padding_remove_top\":false,\"style\":\"default\",\"title_breakpoint\":\"xl\",\"title_position\":\"top-left\",\"title_rotation\":\"left\",\"vertical_align\":\"\",\"width\":\"large\"},\"children\":[{\"type\":\"row\",\"props\":{\"column_gap\":\"large\",\"divider\":false,\"layout\":\"1-2,1-2\",\"margin\":\"large\",\"margin_remove_bottom\":false,\"row_gap\":\"large\",\"vertical_align\":true},\"children\":[{\"type\":\"column\",\"props\":{\"image_position\":\"center-center\",\"position_sticky_breakpoint\":\"m\",\"vertical_align\":\"middle\",\"width_medium\":\"1-2\"},\"children\":[{\"type\":\"headline\",\"props\":{\"content\":\"Qualit\\u00e9 et \\u00e9quipe\",\"margin_remove_bottom\":true,\"title_color\":\"primary\",\"title_element\":\"h1\"}},{\"type\":\"headline\",\"props\":{\"content\":\"Experts en d\\u00e9veloppement de produits naturels\",\"margin_remove_top\":true,\"title_element\":\"h2\"}},{\"type\":\"text\",\"props\":{\"column_breakpoint\":\"l\",\"content\":\"\n\n<p>Notre \\u00e9quipe est compos\\u00e9e de personnes orient\\u00e9es vers la pratique, de vrais herboristes et de techniciens qui ont tous suivi une formation interne et externe d\\u2019au moins 2 ans pour pouvoir r\\u00e9aliser de mani\\u00e8re autonome des pr\\u00e9parations \\u00e0 base de plantes. Bien s\\u00fbr, nous travaillons selon le principe des 4 yeux dans tout. De plus, toute l\\u2019organisation travaille selon le principe du \\u00ab\\u00a0z\\u00e9ro d\\u00e9faut\\u00a0\\u00bb.<\\\/p>\",\"margin\":\"default\"}},{\"type\":\"list\",\"props\":{\"column_breakpoint\":\"m\",\"icon\":\"chevron-right\",\"image_align\":\"left\",\"image_svg_color\":\"emphasis\",\"image_vertical_align\":true,\"list_element\":\"ul\",\"list_horizontal_separator\":\", \",\"list_type\":\"vertical\",\"show_image\":true,\"show_link\":true},\"children\":[{\"type\":\"list_item\",\"props\":{\"content\":\"Pilier 1 \\u2013 La d\\u00e9finition de qualit\\u00e9 est conforme aux exigences\"}},{\"type\":\"list_item\",\"props\":{\"content\":\"Pilier 2 \\u2013 Un syst\\u00e8me de management de la qualit\\u00e9 bas\\u00e9 sur la pr\\u00e9vention\"}},{\"type\":\"list_item\",\"props\":{\"content\":\"Pilier 3 \\u2013 Le standard de qualit\\u00e9 est z\\u00e9ro erreur\"}},{\"type\":\"list_item\",\"props\":{\"content\":\"Pilier 4 \\u2013 Un syst\\u00e8me de mesure selon le calcul de l\\u2019\\u00e9cart de co\\u00fbt\"}}]},{\"type\":\"button\",\"props\":{\"grid_column_gap\":\"small\",\"grid_row_gap\":\"small\",\"margin\":\"default\"},\"children\":[{\"type\":\"button_item\",\"props\":{\"button_style\":\"secondary\",\"content\":\"Contact\",\"icon_align\":\"left\",\"link\":\"\\\/fr\\\/contact\"}}]}]},{\"type\":\"column\",\"props\":{\"image_position\":\"center-center\",\"position_sticky_breakpoint\":\"m\",\"width_medium\":\"1-2\"},\"children\":[{\"type\":\"image\",\"props\":{\"image\":\"wp-content\\\/uploads\\\/2024\\\/05\\\/EVM-20230713-0009-L1001869-kopie\\u2560eren-scaled.jpg\",\"image_height\":850,\"image_svg_color\":\"emphasis\",\"image_width\":\"1200\",\"margin\":\"default\"}}]}]}]},{\"name\":\"Simplex\\\/complex\",\"type\":\"section\",\"props\":{\"animation\":\"slide-right-medium\",\"css\":\".el-section > * {\\n \\tpadding-bottom: 110px;   \\n}\",\"image\":\"wp-content\\\/uploads\\\/home-residences-bg.svg\",\"image_effect\":\"parallax\",\"image_height\":\"680\",\"image_parallax_bgy\":\"100,100\",\"image_parallax_easing\":\"1\",\"image_position\":\"top-left\",\"image_size\":\"contain\",\"image_width\":\"2000\",\"media_visibility\":\"m\",\"padding\":\"xlarge\",\"padding_remove_bottom\":false,\"style\":\"default\",\"title_breakpoint\":\"xl\",\"title_position\":\"top-left\",\"title_rotation\":\"left\",\"vertical_align\":\"\",\"width\":\"large\"},\"children\":[{\"type\":\"row\",\"props\":{\"column_gap\":\"large\",\"layout\":\"1-3,2-3\",\"margin\":\"xlarge\",\"row_gap\":\"large\"},\"children\":[{\"type\":\"column\",\"props\":{\"image_position\":\"top-left\",\"media_visibility\":\"s\",\"padding\":\"none\",\"position_sticky_breakpoint\":\"m\",\"width_medium\":\"1-3\"},\"children\":[{\"type\":\"text\",\"props\":{\"column_breakpoint\":\"m\",\"content\":\"\n\n<p>De plus, chaque membre de l\\u2019\\u00e9quipe doit \\u00eatre conscient des exigences de tous nos clients (selon \\u00ab\\u00a0kaizen\\u00a0\\u00bb). Il en r\\u00e9sulte un groupe de personnes qui peuvent fonctionner comme une unit\\u00e9 avec une r\\u00e9flexion personnelle.<\\\/p>\\n\n\n<p>La soci\\u00e9t\\u00e9 est dirig\\u00e9e par\\u00a0:<\\\/p>\",\"margin\":\"default\"}},{\"type\":\"list\",\"props\":{\"column_breakpoint\":\"m\",\"icon\":\"chevron-right\",\"image_align\":\"left\",\"image_svg_color\":\"emphasis\",\"image_vertical_align\":false,\"list_element\":\"ul\",\"list_horizontal_separator\":\", \",\"list_type\":\"vertical\",\"show_image\":true,\"show_link\":true},\"children\":[{\"type\":\"list_item\",\"props\":{\"content\":\"\n\n<p><strong>NICK SINKE<\\\/strong>, <span>directeur g\\u00e9n\\u00e9ral et fondateur<\\\/span><\\\/p>\"}},{\"type\":\"list_item\",\"props\":{\"content\":\"\n\n<p><strong>ESTHER SINKE<\\\/strong><span>, herboriste senior, responsable op\\u00e9rationnel, QA<\\\/span><\\\/p>\"}},{\"type\":\"list_item\",\"props\":{\"content\":\"\n\n<p><strong>HUGO VERBRUGGE<\\\/strong><span>, agriculteur et responsable des cultures<\\\/span><\\\/p>\"}},{\"type\":\"list_item\",\"props\":{\"content\":\"\n\n<p><strong>BOB DOOMS<\\\/strong><span>, herboriste et responsable de la pr\\u00e9paration des herbes<\\\/span><\\\/p>\"}}]},{\"type\":\"text\",\"props\":{\"column_breakpoint\":\"m\",\"content\":\"\n\n<p>L\\u2019\\u00e9quipe est soutenue EN EXTERNE par des managers de qualit\\u00e9 senior du bureau\\u00a0<a href=\\\"https:\\\/\\\/www.ktba.com\\\/nl\\\/\\\">KTBA<\\\/a>\\u00a0et ANITA <a href=\\\"https:\\\/\\\/www.agroadviesalmekinders.nl\\\/administratie\\\">ALMEKINDERS<\\\/a>, administration.<\\\/p>\",\"margin\":\"default\"}},{\"type\":\"button\",\"props\":{\"fullwidth\":false,\"grid_column_gap\":\"small\",\"grid_row_gap\":\"small\",\"margin\":\"default\"},\"children\":[{\"type\":\"button_item\",\"props\":{\"button_style\":\"secondary\",\"content\":\"Nos produits\",\"icon_align\":\"left\",\"link\":\"producten\\\/\"}}]}]},{\"type\":\"column\",\"props\":{\"image_position\":\"center-center\",\"order_first\":\"m\",\"position_sticky_breakpoint\":\"m\",\"width_medium\":\"2-3\"},\"children\":[{\"type\":\"overlay-slider\",\"props\":{\"image_height\":\"850\",\"image_width\":\"640\",\"link_style\":\"default\",\"link_text\":\"\",\"margin\":\"default\",\"meta_align\":\"below-title\",\"meta_element\":\"div\",\"meta_style\":\"text-meta\",\"nav\":\"\",\"nav_align\":\"center\",\"nav_breakpoint\":\"s\",\"overlay_hover\":false,\"overlay_link\":true,\"overlay_mode\":\"cover\",\"overlay_padding\":\"small\",\"overlay_position\":\"bottom-left\",\"overlay_transition\":\"slide-bottom-small\",\"show_content\":true,\"show_hover_image\":true,\"show_hover_video\":true,\"show_link\":true,\"show_meta\":true,\"show_title\":true,\"slidenav\":\"top-right\",\"slidenav_breakpoint\":\"s\",\"slidenav_hover\":false,\"slidenav_large\":false,\"slidenav_margin\":\"medium\",\"slidenav_outside_breakpoint\":\"xl\",\"slider_autoplay\":true,\"slider_autoplay_pause\":true,\"slider_gap\":\"default\",\"slider_width\":\"fixed\",\"slider_width_default\":\"1-1\",\"slider_width_medium\":\"\",\"slider_width_small\":\"1-2\",\"text_align\":\"\",\"text_color\":\"light\",\"title_element\":\"div\",\"title_hover_style\":\"reset\",\"title_style\":\"h5\"},\"children\":[{\"type\":\"overlay-slider_item\",\"props\":{\"image\":\"wp-content\\\/uploads\\\/2024\\\/05\\\/EVM-20230713-0066-L1140283-kopie\\u2560eren-scaled.jpg\",\"title\":\"\"}},{\"type\":\"overlay-slider_item\",\"props\":{\"image\":\"wp-content\\\/uploads\\\/2024\\\/05\\\/EVM-20230713-0178-L1140534-kopie\\u2560eren-scaled.jpg\",\"title\":\"\"}}]}]}]}]}],\"version\":\"4.4.4\"} --><\/p>\n","protected":false},"excerpt":{"rendered":"<p>Qualit\u00e9 et \u00e9quipe Experts en d\u00e9veloppement de produits naturels Notre \u00e9quipe est compos\u00e9e de personnes orient\u00e9es vers la pratique, de vrais herboristes et de techniciens qui ont tous suivi une formation interne et externe d\u2019au moins 2 ans pour pouvoir r\u00e9aliser de mani\u00e8re autonome des pr\u00e9parations \u00e0 base de plantes. Bien s\u00fbr, nous travaillons selon [&hellip;]<\/p>\n","protected":false},"author":1,"featured_media":0,"parent":0,"menu_order":0,"comment_status":"closed","ping_status":"closed","template":"","meta":{"footnotes":""},"class_list":["post-1216","page","type-page","status-publish","hentry"],"yoast_head":"<!-- This site is optimized with the Yoast SEO plugin v27.5 - https:\/\/yoast.com\/product\/yoast-seo-wordpress\/ -->\n<title>Qualit\u00e9 et \u00e9quipe - Biosfeer Groede<\/title>\n<meta name=\"robots\" content=\"index, follow, max-snippet:-1, max-image-preview:large, max-video-preview:-1\" \/>\n<link rel=\"canonical\" href=\"https:\/\/biosfeer-groede.com\/fr\/qualite-et-equipe\/\" \/>\n<meta property=\"og:locale\" content=\"fr_FR\" \/>\n<meta property=\"og:type\" content=\"article\" \/>\n<meta property=\"og:title\" content=\"Qualit\u00e9 et \u00e9quipe - Biosfeer Groede\" \/>\n<meta property=\"og:description\" content=\"Qualit\u00e9 et \u00e9quipe Experts en d\u00e9veloppement de produits naturels Notre \u00e9quipe est compos\u00e9e de personnes orient\u00e9es vers la pratique, de vrais herboristes et de techniciens qui ont tous suivi une formation interne et externe d\u2019au moins 2 ans pour pouvoir r\u00e9aliser de mani\u00e8re autonome des pr\u00e9parations \u00e0 base de plantes. Bien s\u00fbr, nous travaillons selon [&hellip;]\" \/>\n<meta property=\"og:url\" content=\"https:\/\/biosfeer-groede.com\/fr\/qualite-et-equipe\/\" \/>\n<meta property=\"og:site_name\" content=\"Biosfeer Groede\" \/>\n<meta property=\"article:modified_time\" content=\"2024-06-20T10:19:18+00:00\" \/>\n<meta name=\"twitter:card\" content=\"summary_large_image\" \/>\n<meta name=\"twitter:label1\" content=\"Dur\u00e9e de lecture estim\u00e9e\" \/>\n\t<meta name=\"twitter:data1\" content=\"1 minute\" \/>\n<script type=\"application\/ld+json\" class=\"yoast-schema-graph\">{\"@context\":\"https:\\\/\\\/schema.org\",\"@graph\":[{\"@type\":\"WebPage\",\"@id\":\"https:\\\/\\\/biosfeer-groede.com\\\/fr\\\/qualite-et-equipe\\\/\",\"url\":\"https:\\\/\\\/biosfeer-groede.com\\\/fr\\\/qualite-et-equipe\\\/\",\"name\":\"Qualit\u00e9 et \u00e9quipe - Biosfeer Groede\",\"isPartOf\":{\"@id\":\"https:\\\/\\\/biosfeer-groede.com\\\/#website\"},\"datePublished\":\"2024-01-18T14:00:39+00:00\",\"dateModified\":\"2024-06-20T10:19:18+00:00\",\"breadcrumb\":{\"@id\":\"https:\\\/\\\/biosfeer-groede.com\\\/fr\\\/qualite-et-equipe\\\/#breadcrumb\"},\"inLanguage\":\"fr-FR\",\"potentialAction\":[{\"@type\":\"ReadAction\",\"target\":[\"https:\\\/\\\/biosfeer-groede.com\\\/fr\\\/qualite-et-equipe\\\/\"]}]},{\"@type\":\"BreadcrumbList\",\"@id\":\"https:\\\/\\\/biosfeer-groede.com\\\/fr\\\/qualite-et-equipe\\\/#breadcrumb\",\"itemListElement\":[{\"@type\":\"ListItem\",\"position\":1,\"name\":\"Home\",\"item\":\"https:\\\/\\\/biosfeer-groede.com\\\/fr\\\/\"},{\"@type\":\"ListItem\",\"position\":2,\"name\":\"Qualit\u00e9 et \u00e9quipe\"}]},{\"@type\":\"WebSite\",\"@id\":\"https:\\\/\\\/biosfeer-groede.com\\\/#website\",\"url\":\"https:\\\/\\\/biosfeer-groede.com\\\/\",\"name\":\"Biosfeer Groede\",\"description\":\"\",\"publisher\":{\"@id\":\"https:\\\/\\\/biosfeer-groede.com\\\/#organization\"},\"potentialAction\":[{\"@type\":\"SearchAction\",\"target\":{\"@type\":\"EntryPoint\",\"urlTemplate\":\"https:\\\/\\\/biosfeer-groede.com\\\/?s={search_term_string}\"},\"query-input\":{\"@type\":\"PropertyValueSpecification\",\"valueRequired\":true,\"valueName\":\"search_term_string\"}}],\"inLanguage\":\"fr-FR\"},{\"@type\":\"Organization\",\"@id\":\"https:\\\/\\\/biosfeer-groede.com\\\/#organization\",\"name\":\"Biosfeer Groede\",\"url\":\"https:\\\/\\\/biosfeer-groede.com\\\/\",\"logo\":{\"@type\":\"ImageObject\",\"inLanguage\":\"fr-FR\",\"@id\":\"https:\\\/\\\/biosfeer-groede.com\\\/#\\\/schema\\\/logo\\\/image\\\/\",\"url\":\"https:\\\/\\\/nieuw.biosfeer-groede.com\\\/wp-content\\\/uploads\\\/2023\\\/10\\\/biosfeer-logo.svg\",\"contentUrl\":\"https:\\\/\\\/nieuw.biosfeer-groede.com\\\/wp-content\\\/uploads\\\/2023\\\/10\\\/biosfeer-logo.svg\",\"width\":1,\"height\":1,\"caption\":\"Biosfeer Groede\"},\"image\":{\"@id\":\"https:\\\/\\\/biosfeer-groede.com\\\/#\\\/schema\\\/logo\\\/image\\\/\"}}]}<\/script>\n<!-- \/ Yoast SEO plugin. -->","yoast_head_json":{"title":"Qualit\u00e9 et \u00e9quipe - Biosfeer Groede","robots":{"index":"index","follow":"follow","max-snippet":"max-snippet:-1","max-image-preview":"max-image-preview:large","max-video-preview":"max-video-preview:-1"},"canonical":"https:\/\/biosfeer-groede.com\/fr\/qualite-et-equipe\/","og_locale":"fr_FR","og_type":"article","og_title":"Qualit\u00e9 et \u00e9quipe - Biosfeer Groede","og_description":"Qualit\u00e9 et \u00e9quipe Experts en d\u00e9veloppement de produits naturels Notre \u00e9quipe est compos\u00e9e de personnes orient\u00e9es vers la pratique, de vrais herboristes et de techniciens qui ont tous suivi une formation interne et externe d\u2019au moins 2 ans pour pouvoir r\u00e9aliser de mani\u00e8re autonome des pr\u00e9parations \u00e0 base de plantes. Bien s\u00fbr, nous travaillons selon [&hellip;]","og_url":"https:\/\/biosfeer-groede.com\/fr\/qualite-et-equipe\/","og_site_name":"Biosfeer Groede","article_modified_time":"2024-06-20T10:19:18+00:00","twitter_card":"summary_large_image","twitter_misc":{"Dur\u00e9e de lecture estim\u00e9e":"1 minute"},"schema":{"@context":"https:\/\/schema.org","@graph":[{"@type":"WebPage","@id":"https:\/\/biosfeer-groede.com\/fr\/qualite-et-equipe\/","url":"https:\/\/biosfeer-groede.com\/fr\/qualite-et-equipe\/","name":"Qualit\u00e9 et \u00e9quipe - Biosfeer Groede","isPartOf":{"@id":"https:\/\/biosfeer-groede.com\/#website"},"datePublished":"2024-01-18T14:00:39+00:00","dateModified":"2024-06-20T10:19:18+00:00","breadcrumb":{"@id":"https:\/\/biosfeer-groede.com\/fr\/qualite-et-equipe\/#breadcrumb"},"inLanguage":"fr-FR","potentialAction":[{"@type":"ReadAction","target":["https:\/\/biosfeer-groede.com\/fr\/qualite-et-equipe\/"]}]},{"@type":"BreadcrumbList","@id":"https:\/\/biosfeer-groede.com\/fr\/qualite-et-equipe\/#breadcrumb","itemListElement":[{"@type":"ListItem","position":1,"name":"Home","item":"https:\/\/biosfeer-groede.com\/fr\/"},{"@type":"ListItem","position":2,"name":"Qualit\u00e9 et \u00e9quipe"}]},{"@type":"WebSite","@id":"https:\/\/biosfeer-groede.com\/#website","url":"https:\/\/biosfeer-groede.com\/","name":"Biosfeer Groede","description":"","publisher":{"@id":"https:\/\/biosfeer-groede.com\/#organization"},"potentialAction":[{"@type":"SearchAction","target":{"@type":"EntryPoint","urlTemplate":"https:\/\/biosfeer-groede.com\/?s={search_term_string}"},"query-input":{"@type":"PropertyValueSpecification","valueRequired":true,"valueName":"search_term_string"}}],"inLanguage":"fr-FR"},{"@type":"Organization","@id":"https:\/\/biosfeer-groede.com\/#organization","name":"Biosfeer Groede","url":"https:\/\/biosfeer-groede.com\/","logo":{"@type":"ImageObject","inLanguage":"fr-FR","@id":"https:\/\/biosfeer-groede.com\/#\/schema\/logo\/image\/","url":"https:\/\/nieuw.biosfeer-groede.com\/wp-content\/uploads\/2023\/10\/biosfeer-logo.svg","contentUrl":"https:\/\/nieuw.biosfeer-groede.com\/wp-content\/uploads\/2023\/10\/biosfeer-logo.svg","width":1,"height":1,"caption":"Biosfeer Groede"},"image":{"@id":"https:\/\/biosfeer-groede.com\/#\/schema\/logo\/image\/"}}]}},"_links":{"self":[{"href":"https:\/\/biosfeer-groede.com\/fr\/wp-json\/wp\/v2\/pages\/1216","targetHints":{"allow":["GET"]}}],"collection":[{"href":"https:\/\/biosfeer-groede.com\/fr\/wp-json\/wp\/v2\/pages"}],"about":[{"href":"https:\/\/biosfeer-groede.com\/fr\/wp-json\/wp\/v2\/types\/page"}],"author":[{"embeddable":true,"href":"https:\/\/biosfeer-groede.com\/fr\/wp-json\/wp\/v2\/users\/1"}],"replies":[{"embeddable":true,"href":"https:\/\/biosfeer-groede.com\/fr\/wp-json\/wp\/v2\/comments?post=1216"}],"version-history":[{"count":7,"href":"https:\/\/biosfeer-groede.com\/fr\/wp-json\/wp\/v2\/pages\/1216\/revisions"}],"predecessor-version":[{"id":1441,"href":"https:\/\/biosfeer-groede.com\/fr\/wp-json\/wp\/v2\/pages\/1216\/revisions\/1441"}],"wp:attachment":[{"href":"https:\/\/biosfeer-groede.com\/fr\/wp-json\/wp\/v2\/media?parent=1216"}],"curies":[{"name":"wp","href":"https:\/\/api.w.org\/{rel}","templated":true}]}}